{"id":883,"date":"2026-03-10T10:13:39","date_gmt":"2026-03-10T09:13:39","guid":{"rendered":"https:\/\/lecitronbleu34.fr\/?post_type=tribe_events&#038;p=883"},"modified":"2026-03-10T10:13:39","modified_gmt":"2026-03-10T09:13:39","slug":"rejoins-les-benevoles-de-la-base-2","status":"publish","type":"tribe_events","link":"https:\/\/lecitronbleu34.fr\/index.php\/event\/rejoins-les-benevoles-de-la-base-2\/","title":{"rendered":"Rejoins les b\u00e9n\u00e9voles de La Base !"},"content":{"rendered":"<p class=\"mb-ds2-10\">Une soir\u00e9e pour rejoindre les b\u00e9n\u00e9voles de La Base.<br \/>\nSi vous voulez tenir le bar, vous investir dans les diff\u00e9rents groupes de travail, faire vivre ce lieu associatif tr\u00e8s sympa, venez \u00e9changer avec nous !<br \/>\n<a href=\"https:\/\/www.meetup.com\/fr-FR\/le-citron-bleu-34\/events\/313724180\/\"><strong>Inscription sur l&rsquo;\u00e9v\u00e9nement meetup.<\/strong><\/a><\/p>\n<p class=\"mb-ds2-10\"><a class=\"!text-ds2-text-fill-brand_primary-enabled hover:!text-ds2-text-fill-brand_primary-hover\" href=\"https:\/\/labasemontpellier.org\/\" target=\"_blank\" rel=\"nofollow noopener ugc\">https:\/\/labasemontpellier.org\/<\/a><br \/>\nLa Base (Base d\u2019Action Sociale et \u00c9cologique) de Montpellier est un lieu d\u2019engagement citoyen en faveur de la justice sociale, du climat et du vivant, convivial et ouvert \u00e0 toutes et tous. La Base est un projet initi\u00e9 par les antennes montpelli\u00e9raines des organisations Alternatiba (d\u00e9sormais renomm\u00e9e Action Justice Climat au niveau montpelli\u00e9rain), Greenpeace et Extinction Rebellion. Elle a \u00e9t\u00e9 lanc\u00e9e avec l\u2019aide de plusieurs donateurices lors de notre campagne de crowfunding. Merci \u00e0 elleux !<br \/>\nAu travers d\u2019ateliers, de formations ou encore d\u2019\u00e9v\u00e8nements festifs, la Base a l\u2019ambition de faire grossir la mobilisation citoyenne autour des questions de climat et de justice sociale. Cette mobilisation se fait via une coop\u00e9ration entre nos diff\u00e9rents mouvements, la solidarit\u00e9 avec les luttes locales, nationales et internationales et l\u2019\u00e9ducation populaire. La Base accueille \u00e9galement les entreprises et acteurs de la soci\u00e9t\u00e9 civile d\u00e9sirant profiter de l\u2019\u00e9mulation collective au travers de ses espaces de coworking.<br \/>\nLa Base a \u00e9t\u00e9 construite autour de 3 grands objectifs li\u00e9s \u00e0 ses diff\u00e9rentes activit\u00e9s :<\/p>\n<ul class=\"pl-5 list-disc mb-4\">\n<li>L\u2019organisation d\u2019\u00e9v\u00e8nements festifs, de conf\u00e9rences, de formations autour d\u2019un bar associatif.<\/li>\n<li>La fourniture de locaux pour les r\u00e9unions de nos groupes et autres associations. Elle est \u00e9galement une base op\u00e9rationnelle et logistique au service des campagnes de mobilisation locales.<\/li>\n<li>L\u2019offre d\u2019un espace de travail partag\u00e9 \u00e0 destination des entreprises ou collectifs partageant nos valeurs.<\/li>\n<\/ul>\n","protected":false},"excerpt":{"rendered":"<p>Une soir\u00e9e pour rejoindre les b\u00e9n\u00e9voles de La Base. Si vous voulez tenir le bar, vous investir dans les diff\u00e9rents groupes de travail, faire vivre ce lieu associatif tr\u00e8s sympa, &#8230; <a title=\"Rejoins les b\u00e9n\u00e9voles de La Base !\" class=\"read-more\" href=\"https:\/\/lecitronbleu34.fr\/index.php\/event\/rejoins-les-benevoles-de-la-base-2\/\" aria-label=\"En savoir plus sur Rejoins les b\u00e9n\u00e9voles de La Base !\">Lire la suite<\/a><\/p>\n","protected":false},"author":1,"featured_media":813,"template":"","meta":{"_tribe_events_status":"","_tribe_events_status_reason":"","footnotes":""},"tags":[],"tribe_events_cat":[],"class_list":["post-883","tribe_events","type-tribe_events","status-publish","has-post-thumbnail","hentry"],"jetpack_sharing_enabled":true,"_links":{"self":[{"href":"https:\/\/lecitronbleu34.fr\/index.php\/wp-json\/wp\/v2\/tribe_events\/883","targetHints":{"allow":["GET"]}}],"collection":[{"href":"https:\/\/lecitronbleu34.fr\/index.php\/wp-json\/wp\/v2\/tribe_events"}],"about":[{"href":"https:\/\/lecitronbleu34.fr\/index.php\/wp-json\/wp\/v2\/types\/tribe_events"}],"author":[{"embeddable":true,"href":"https:\/\/lecitronbleu34.fr\/index.php\/wp-json\/wp\/v2\/users\/1"}],"version-history":[{"count":1,"href":"https:\/\/lecitronbleu34.fr\/index.php\/wp-json\/wp\/v2\/tribe_events\/883\/revisions"}],"predecessor-version":[{"id":884,"href":"https:\/\/lecitronbleu34.fr\/index.php\/wp-json\/wp\/v2\/tribe_events\/883\/revisions\/884"}],"wp:featuredmedia":[{"embeddable":true,"href":"https:\/\/lecitronbleu34.fr\/index.php\/wp-json\/wp\/v2\/media\/813"}],"wp:attachment":[{"href":"https:\/\/lecitronbleu34.fr\/index.php\/wp-json\/wp\/v2\/media?parent=883"}],"wp:term":[{"taxonomy":"post_tag","embeddable":true,"href":"https:\/\/lecitronbleu34.fr\/index.php\/wp-json\/wp\/v2\/tags?post=883"},{"taxonomy":"tribe_events_cat","embeddable":true,"href":"https:\/\/lecitronbleu34.fr\/index.php\/wp-json\/wp\/v2\/tribe_events_cat?post=883"}],"curies":[{"name":"wp","href":"https:\/\/api.w.org\/{rel}","templated":true}]}}